{"id":5055,"date":"2025-07-25T08:52:01","date_gmt":"2025-07-25T08:52:01","guid":{"rendered":"https:\/\/agrupamentonisa.edu.gov.pt\/site\/?page_id=5055"},"modified":"2026-02-12T11:59:25","modified_gmt":"2026-02-12T11:59:25","slug":"pes","status":"publish","type":"page","link":"https:\/\/agrupamentonisa.edu.gov.pt\/site\/pes\/","title":{"rendered":"PES"},"content":{"rendered":"\t\t<div data-elementor-type=\"wp-page\" data-elementor-id=\"5055\" class=\"elementor elementor-5055\" data-elementor-post-type=\"page\">\n\t\t\t\t<div class=\"elementor-element elementor-element-1e0b7e9 e-con-full e-flex elementor-invisible e-con e-parent\" data-id=\"1e0b7e9\" data-element_type=\"container\" data-e-type=\"container\" data-settings=\"{&quot;animation&quot;:&quot;fadeInLeft&quot;}\">\n\t\t\t\t<div class=\"elementor-element elementor-element-752caa2 elementor-widget elementor-widget-heading\" data-id=\"752caa2\" data-element_type=\"widget\" data-e-type=\"widget\" data-widget_type=\"heading.default\">\n\t\t\t\t<div class=\"elementor-widget-container\">\n\t\t\t\t\t<h2 class=\"elementor-heading-title elementor-size-default\">Projeto de Educa\u00e7\u00e3o para a Sa\u00fade (PES)<\/h2>\t\t\t\t<\/div>\n\t\t\t\t<\/div>\n\t\t\t\t<\/div>\n\t\t<div class=\"elementor-element elementor-element-a12d302 e-con-full e-flex elementor-invisible e-con e-parent\" data-id=\"a12d302\" data-element_type=\"container\" data-e-type=\"container\" data-settings=\"{&quot;animation&quot;:&quot;fadeInUp&quot;}\">\n\t\t<div class=\"elementor-element elementor-element-6bbd9ad e-con-full e-flex e-con e-child\" data-id=\"6bbd9ad\" data-element_type=\"container\" data-e-type=\"container\">\n\t\t\t\t<div class=\"elementor-element elementor-element-e0bf8ee elementor-widget elementor-widget-image\" data-id=\"e0bf8ee\" data-element_type=\"widget\" data-e-type=\"widget\" data-widget_type=\"image.default\">\n\t\t\t\t<div class=\"elementor-widget-container\">\n\t\t\t\t\t\t\t\t\t\t\t\t\t\t\t<img fetchpriority=\"high\" decoding=\"async\" width=\"300\" height=\"183\" src=\"https:\/\/agrupamentonisa.edu.gov.pt\/site\/wp-content\/uploads\/2025\/07\/logo_pes-300x183.png\" class=\"attachment-medium size-medium wp-image-5048\" alt=\"\" srcset=\"https:\/\/agrupamentonisa.edu.gov.pt\/site\/wp-content\/uploads\/2025\/07\/logo_pes-300x183.png 300w, https:\/\/agrupamentonisa.edu.gov.pt\/site\/wp-content\/uploads\/2025\/07\/logo_pes.png 464w\" sizes=\"(max-width: 300px) 100vw, 300px\" \/>\t\t\t\t\t\t\t\t\t\t\t\t\t\t\t<\/div>\n\t\t\t\t<\/div>\n\t\t\t\t<div class=\"elementor-element elementor-element-440238b elementor-widget elementor-widget-text-editor\" data-id=\"440238b\" data-element_type=\"widget\" data-e-type=\"widget\" data-widget_type=\"text-editor.default\">\n\t\t\t\t<div class=\"elementor-widget-container\">\n\t\t\t\t\t\t\t\t\t<h5 style=\"text-align: center;\"><span style=\"color: #6ec1ff;\"><strong>P\u00fablico Alvo:<\/strong><\/span><\/h5><p style=\"text-align: center;\">Pr\u00e9-escolar; 1\u00ba, 2\u00ba e 3\u00ba ciclos; Ensino Secund\u00e1rio<\/p><h5 style=\"text-align: center;\"><span style=\"color: #6ec1ff;\"><strong>Coordenador (es):<\/strong><\/span><\/h5><p style=\"text-align: center;\">Marta Palhim<\/p><h5 style=\"text-align: center;\"><span style=\"color: #6ec1ff;\"><strong>Email Coordenador (es):<\/strong><\/span><\/h5><p style=\"text-align: center;\">520martapalhim@escolasdenisa.education<\/p><h5 style=\"text-align: center;\"><span style=\"color: #cc99ff;\"><strong>Breve descri\u00e7\u00e3o do Projeto<\/strong><strong>:<\/strong><\/span><\/h5><p style=\"text-align: center;\">Segundo o Referencial de Educa\u00e7\u00e3o para a Sa\u00fade DGE, junho de 2017, a promo\u00e7\u00e3o e educa\u00e7\u00e3o para a sa\u00fade em meio escolar \u00e9 um processo cont\u00ednuo que visa o desenvolvimento de compet\u00eancias das crian\u00e7as e dos jovens, permitindo-lhes confrontarem-se positivamente consigo pr\u00f3prios, construir um projeto de vida e serem capazes de fazer escolhas individuais, conscientes e respons\u00e1veis. A promo\u00e7\u00e3o da educa\u00e7\u00e3o para a sa\u00fade na escola tem, tamb\u00e9m, como miss\u00e3o, criar ambientes facilitadores dessas escolhas e estimular o esp\u00edrito cr\u00edtico para o exerc\u00edcio de uma cidadania ativa. O Projeto Educa\u00e7\u00e3o para a Sa\u00fade tem um papel fulcral no desenvolvimento de cidad\u00e3os e sociedades saud\u00e1veis, sustent\u00e1veis e felizes, raz\u00e3o pela qual contribui para as metas e objetivos definidos pela Organiza\u00e7\u00e3o Mundial de Sa\u00fade. A Escola, enquanto organiza\u00e7\u00e3o empenhada em desenvolver a aquisi\u00e7\u00e3o de compet\u00eancias pessoais, cognitivas e socio emocionais \u00e9 o espa\u00e7o de excel\u00eancia onde, individualmente e em grupo, as crian\u00e7as e jovens aprendem a gerir eficazmente a sua sa\u00fade e a agir sobre fatores que a influenciam.<\/p><h5 style=\"text-align: center;\"><span style=\"color: #6ec1ff;\"><strong>Pa<\/strong><strong>rcerias do Clube:<\/strong><\/span><\/h5><p style=\"text-align: center;\">Centro de Sa\u00fade de Nisa \/ ULSNA<\/p><p style=\"text-align: center;\">Farm\u00e1cia Ferreira Pinto<\/p><p style=\"text-align: center;\">Bombeiros Volunt\u00e1rios de Nisa<\/p><p style=\"text-align: center;\">SPCPC DTer Nisa \/ Escola Segura<\/p><p style=\"text-align: center;\">Outros<\/p>\t\t\t\t\t\t\t\t<\/div>\n\t\t\t\t<\/div>\n\t\t\t\t<\/div>\n\t\t<div class=\"elementor-element elementor-element-e7ec6e6 e-con-full e-flex e-con e-child\" data-id=\"e7ec6e6\" data-element_type=\"container\" data-e-type=\"container\">\n\t\t\t\t<div class=\"elementor-element elementor-element-05dd9b6 elementor-widget elementor-widget-heading\" data-id=\"05dd9b6\" data-element_type=\"widget\" data-e-type=\"widget\" data-widget_type=\"heading.default\">\n\t\t\t\t<div class=\"elementor-widget-container\">\n\t\t\t\t\t<h5 class=\"elementor-heading-title elementor-size-default\">Objetivos<\/h5>\t\t\t\t<\/div>\n\t\t\t\t<\/div>\n\t\t\t\t<div class=\"elementor-element elementor-element-f25de36 elementor-widget elementor-widget-text-editor\" data-id=\"f25de36\" data-element_type=\"widget\" data-e-type=\"widget\" data-widget_type=\"text-editor.default\">\n\t\t\t\t<div class=\"elementor-widget-container\">\n\t\t\t\t\t\t\t\t\t<p>O Projeto Educa\u00e7\u00e3o para a Sa\u00fade ter\u00e1 em conta o Referencial de Educa\u00e7\u00e3o para a Sa\u00fade que se encontra organizado por n\u00edveis de educa\u00e7\u00e3o e por ciclos de ensino \u2013 educa\u00e7\u00e3o pr\u00e9-escolar, 1.\u00ba, 2.\u00ba e 3.\u00ba ciclos do ensino b\u00e1sico e ensino secund\u00e1rio. Os objetivos, em cada um dos n\u00edveis e ciclos de educa\u00e7\u00e3o e ensino, s\u00e3o os considerados adequados ao n\u00edvel de desenvolvimento e ao escal\u00e3o et\u00e1rio das crian\u00e7as e dos jovens a que se destinam.<\/p><p>Destacamos, no entanto, objetivos mais gerais deste projeto:<\/p><p>\u2022 Promover o reconhecimento da sa\u00fade como um bem precioso que todos desejamos ter e<\/p><p>devemos promover;<\/p><p>\u2022 Criar condi\u00e7\u00f5es, ambientais e de servi\u00e7os para uma escola promotora de sa\u00fade e bem-estar;<\/p><p>\u2022 Sensibilizar para a import\u00e2ncia das medidas preventivas e para a ado\u00e7\u00e3o de comportamentos saud\u00e1veis que visam a melhoria do estado de sa\u00fade e a diminui\u00e7\u00e3o da incid\u00eancia de comportamentos de risco;<\/p><p>\u2022 Promover a erradica\u00e7\u00e3o dos comportamentos relacionados com a viol\u00eancia;<\/p><p>\u2022 Prevenir o consumo de subst\u00e2ncias psicoativas nas crian\u00e7as e jovens;<\/p><p>\u2022 Promover a alimenta\u00e7\u00e3o saud\u00e1vel dentro e fora da Escola;<\/p><p>\u2022 Estimular para o aumento da atividade f\u00edsica;<\/p><p>\u2022 Contribuir para a melhoria dos afetos e dos relacionamentos entre crian\u00e7as e jovens;<\/p><p>\u2022 Contribuir para a abordagem da educa\u00e7\u00e3o para a sexualidade com naturalidade;<\/p><p>\u2022 Promover o sucesso escolar dos alunos e o seu crescimento saud\u00e1vel e equilibrado;<\/p><p>\u2022 Promover a forma\u00e7\u00e3o\/informa\u00e7\u00e3o qualificada em \u00e1reas pertinentes, aos v\u00e1rios intervenientes da comunidade educativa;<\/p><p>\u2022 Promover a rela\u00e7\u00e3o Escola-Fam\u00edlia, Escola-Centro de Sa\u00fade e\/ou com outras institui\u00e7\u00f5es\/parceiros.<\/p>\t\t\t\t\t\t\t\t<\/div>\n\t\t\t\t<\/div>\n\t\t\t\t<\/div>\n\t\t<div class=\"elementor-element elementor-element-35c8cb0 e-con-full e-flex e-con e-child\" data-id=\"35c8cb0\" data-element_type=\"container\" data-e-type=\"container\">\n\t\t\t\t<div class=\"elementor-element elementor-element-0dbc481 elementor-widget elementor-widget-heading\" data-id=\"0dbc481\" data-element_type=\"widget\" data-e-type=\"widget\" data-widget_type=\"heading.default\">\n\t\t\t\t<div class=\"elementor-widget-container\">\n\t\t\t\t\t<h5 class=\"elementor-heading-title elementor-size-default\">Atividades<\/h5>\t\t\t\t<\/div>\n\t\t\t\t<\/div>\n\t\t\t\t<div class=\"elementor-element elementor-element-42ea5c8 elementor-widget elementor-widget-text-editor\" data-id=\"42ea5c8\" data-element_type=\"widget\" data-e-type=\"widget\" data-widget_type=\"text-editor.default\">\n\t\t\t\t<div class=\"elementor-widget-container\">\n\t\t\t\t\t\t\t\t\t<p>As atividades que ser\u00e3o desenvolvidas ao longo do ano letivo visar\u00e3o temas como:<\/p><p>\u2022 Sa\u00fade Mental e Preven\u00e7\u00e3o de Viol\u00eancia<\/p><p>\u2022 Educa\u00e7\u00e3o Alimentar e Atividade F\u00edsica<\/p><p>\u2022 Preven\u00e7\u00e3o de Comportamentos Aditivos e Depend\u00eancias<\/p><p>\u2022 Afetos e Educa\u00e7\u00e3o para a Sexualidade<\/p><p>\u2022 Acessibilidades<\/p>\t\t\t\t\t\t\t\t<\/div>\n\t\t\t\t<\/div>\n\t\t\t\t<div class=\"elementor-element elementor-element-a19136e elementor-widget elementor-widget-heading\" data-id=\"a19136e\" data-element_type=\"widget\" data-e-type=\"widget\" data-widget_type=\"heading.default\">\n\t\t\t\t<div class=\"elementor-widget-container\">\n\t\t\t\t\t<h5 class=\"elementor-heading-title elementor-size-default\">Gabinete de Informa\u00e7\u00e3o e Apoio ao Aluno (GIAA) - Sala da Sa\u00fade<\/h5>\t\t\t\t<\/div>\n\t\t\t\t<\/div>\n\t\t\t\t<div class=\"elementor-element elementor-element-b5c9387 elementor-widget elementor-widget-text-editor\" data-id=\"b5c9387\" data-element_type=\"widget\" data-e-type=\"widget\" data-widget_type=\"text-editor.default\">\n\t\t\t\t<div class=\"elementor-widget-container\">\n\t\t\t\t\t\t\t\t\t<p>O Gabinete de Informa\u00e7\u00e3o e Apoio ao Aluno (GIAA) &#8211; Sala da Sa\u00fade, criado no \u00e2mbito do Projeto de Educa\u00e7\u00e3o para a Sa\u00fade, \u00e9 um local que apoia e esclarece os alunos sobre assuntos relacionados com a educa\u00e7\u00e3o para a sa\u00fade e a educa\u00e7\u00e3o sexual, em toda a sua abrang\u00eancia f\u00edsica, ps\u00edquica e emocional, assegurando a total confidencialidade dos seus utilizadores. <br \/>Funciona na Sala de Departamento de Ci\u00eancias Exatas Naturais e Tecnologias, em frente \u00e0 Dire\u00e7\u00e3o. Hor\u00e1rio de atendimento aos alunos: quartas-feiras de manh\u00e3 (9h15-11h15) e quintas-feiras \u00e0 tarde (14h00-16h00).<\/p><p><a href=\"https:\/\/agrupamentonisa.edu.gov.pt\/site\/wp-content\/uploads\/2026\/02\/comunicacao-turmas_com-nova-localizacao.pdf\">Mais informa\u00e7\u00f5es<\/a><\/p><p><a href=\"https:\/\/agrupamentonisa.edu.gov.pt\/site\/wp-content\/uploads\/2026\/02\/horario-de-funcionamento.jpg\">Hor\u00e1rio de Funcionamento<\/a><\/p><p>\u00a0<\/p><p>\u00a0<\/p><p>\u00a0<\/p>\t\t\t\t\t\t\t\t<\/div>\n\t\t\t\t<\/div>\n\t\t\t\t<\/div>\n\t\t\t\t<\/div>\n\t\t<div class=\"elementor-element elementor-element-b4f834a e-con-full e-flex elementor-invisible e-con e-parent\" data-id=\"b4f834a\" data-element_type=\"container\" data-e-type=\"container\" data-settings=\"{&quot;animation&quot;:&quot;fadeInLeft&quot;}\">\n\t\t\t\t<div class=\"elementor-element elementor-element-bb73464 elementor-widget elementor-widget-heading\" data-id=\"bb73464\" data-element_type=\"widget\" data-e-type=\"widget\" data-widget_type=\"heading.default\">\n\t\t\t\t<div class=\"elementor-widget-container\">\n\t\t\t\t\t<h2 class=\"elementor-heading-title elementor-size-default\">Evid\u00eancias<\/h2>\t\t\t\t<\/div>\n\t\t\t\t<\/div>\n\t\t\t\t<\/div>\n\t\t<div class=\"elementor-element elementor-element-69b5b00 e-con-full e-flex e-con e-parent\" data-id=\"69b5b00\" data-element_type=\"container\" data-e-type=\"container\">\n\t\t\t\t<div class=\"elementor-element elementor-element-36e7951 elementor-widget elementor-widget-heading\" data-id=\"36e7951\" data-element_type=\"widget\" data-e-type=\"widget\" data-widget_type=\"heading.default\">\n\t\t\t\t<div class=\"elementor-widget-container\">\n\t\t\t\t\t<h2 class=\"elementor-heading-title elementor-size-default\">Not\u00edcias<\/h2>\t\t\t\t<\/div>\n\t\t\t\t<\/div>\n\t\t\t\t<div class=\"elementor-element elementor-element-ab766de elementor-grid-1 elementor-posts--thumbnail-none elementor-widget__width-initial elementor-grid-tablet-2 elementor-grid-mobile-1 elementor-widget elementor-widget-posts\" data-id=\"ab766de\" data-element_type=\"widget\" data-e-type=\"widget\" data-settings=\"{&quot;classic_columns&quot;:&quot;1&quot;,&quot;classic_columns_tablet&quot;:&quot;2&quot;,&quot;classic_columns_mobile&quot;:&quot;1&quot;,&quot;classic_row_gap&quot;:{&quot;unit&quot;:&quot;px&quot;,&quot;size&quot;:35,&quot;sizes&quot;:[]},&quot;classic_row_gap_tablet&quot;:{&quot;unit&quot;:&quot;px&quot;,&quot;size&quot;:&quot;&quot;,&quot;sizes&quot;:[]},&quot;classic_row_gap_mobile&quot;:{&quot;unit&quot;:&quot;px&quot;,&quot;size&quot;:&quot;&quot;,&quot;sizes&quot;:[]}}\" data-widget_type=\"posts.classic\">\n\t\t\t\t<div class=\"elementor-widget-container\">\n\t\t\t\t\t\t\t<div class=\"elementor-posts-container elementor-posts elementor-posts--skin-classic elementor-grid\" role=\"list\">\n\t\t\t\t<article class=\"elementor-post elementor-grid-item post-5417 post type-post status-publish format-standard hentry category-projeto-de-educacao-para-a-saude\" role=\"listitem\">\n\t\t\t\t<div class=\"elementor-post__text\">\n\t\t\t\t<h2 class=\"elementor-post__title\">\n\t\t\t<a href=\"https:\/\/agrupamentonisa.edu.gov.pt\/site\/uso-adequado-dos-medicamentos-e-reciclagem\/\" >\n\t\t\t\tUso Adequado dos Medicamentos e Reciclagem\t\t\t<\/a>\n\t\t<\/h2>\n\t\t\t\t<div class=\"elementor-post__meta-data\">\n\t\t\t\t\t<span class=\"elementor-post-date\">\n\t\t\t29 de Janeiro, 2026\t\t<\/span>\n\t\t\t\t<\/div>\n\t\t\t\t<div class=\"elementor-post__excerpt\">\n\t\t\t<p>Uso Adequado dos Medicamentos e Reciclagem A Farm\u00e1cia Ferreira Pinto veio \u00e0 escola falar do &#8220;Uso adequado dos medicamentos e<\/p>\n\t\t<\/div>\n\t\t\t\t\t<div class=\"elementor-post__read-more-wrapper\">\n\t\t\n\t\t<a class=\"elementor-post__read-more\" href=\"https:\/\/agrupamentonisa.edu.gov.pt\/site\/uso-adequado-dos-medicamentos-e-reciclagem\/\" aria-label=\"Read more about Uso Adequado dos Medicamentos e Reciclagem\" tabindex=\"-1\" >\n\t\t\tConsulte aqui artigo completo\t\t<\/a>\n\n\t\t\t\t\t<\/div>\n\t\t\t\t<\/div>\n\t\t\t\t<\/article>\n\t\t\t\t<article class=\"elementor-post elementor-grid-item post-5406 post type-post status-publish format-standard hentry category-projeto-de-educacao-para-a-saude\" role=\"listitem\">\n\t\t\t\t<div class=\"elementor-post__text\">\n\t\t\t\t<h2 class=\"elementor-post__title\">\n\t\t\t<a href=\"https:\/\/agrupamentonisa.edu.gov.pt\/site\/os-peixes-do-rio-vem-a-escola\/\" >\n\t\t\t\t&#8220;Os Peixes do Rio V\u00eam \u00e0 Escola&#8221;\t\t\t<\/a>\n\t\t<\/h2>\n\t\t\t\t<div class=\"elementor-post__meta-data\">\n\t\t\t\t\t<span class=\"elementor-post-date\">\n\t\t\t29 de Janeiro, 2026\t\t<\/span>\n\t\t\t\t<\/div>\n\t\t\t\t<div class=\"elementor-post__excerpt\">\n\t\t\t<p>&#8220;Os Peixes do Rio V\u00eam \u00e0 Escola&#8221; No \u00e2mbito do Clube de Ci\u00eancia e Ambiente, Dep. CENT, Dep. 1\u00ba ciclo<\/p>\n\t\t<\/div>\n\t\t\t\t\t<div class=\"elementor-post__read-more-wrapper\">\n\t\t\n\t\t<a class=\"elementor-post__read-more\" href=\"https:\/\/agrupamentonisa.edu.gov.pt\/site\/os-peixes-do-rio-vem-a-escola\/\" aria-label=\"Read more about &#8220;Os Peixes do Rio V\u00eam \u00e0 Escola&#8221;\" tabindex=\"-1\" >\n\t\t\tConsulte aqui artigo completo\t\t<\/a>\n\n\t\t\t\t\t<\/div>\n\t\t\t\t<\/div>\n\t\t\t\t<\/article>\n\t\t\t\t<article class=\"elementor-post elementor-grid-item post-5378 post type-post status-publish format-standard hentry category-projeto-de-educacao-para-a-saude\" role=\"listitem\">\n\t\t\t\t<div class=\"elementor-post__text\">\n\t\t\t\t<h2 class=\"elementor-post__title\">\n\t\t\t<a href=\"https:\/\/agrupamentonisa.edu.gov.pt\/site\/projeto-de-educacao-para-a-saude-2\/\" >\n\t\t\t\tProjeto de Educa\u00e7\u00e3o para a Sa\u00fade\t\t\t<\/a>\n\t\t<\/h2>\n\t\t\t\t<div class=\"elementor-post__meta-data\">\n\t\t\t\t\t<span class=\"elementor-post-date\">\n\t\t\t29 de Janeiro, 2026\t\t<\/span>\n\t\t\t\t<\/div>\n\t\t\t\t<div class=\"elementor-post__excerpt\">\n\t\t\t<p>Os Bombeiros Volunt\u00e1rios de Nisa deslocaram-se \u00e0 escola para dinamizar sess\u00f5es sobre &#8220;Suporte B\u00e1sico de Vida&#8221; para as turmas de<\/p>\n\t\t<\/div>\n\t\t\t\t\t<div class=\"elementor-post__read-more-wrapper\">\n\t\t\n\t\t<a class=\"elementor-post__read-more\" href=\"https:\/\/agrupamentonisa.edu.gov.pt\/site\/projeto-de-educacao-para-a-saude-2\/\" aria-label=\"Read more about Projeto de Educa\u00e7\u00e3o para a Sa\u00fade\" tabindex=\"-1\" >\n\t\t\tConsulte aqui artigo completo\t\t<\/a>\n\n\t\t\t\t\t<\/div>\n\t\t\t\t<\/div>\n\t\t\t\t<\/article>\n\t\t\t\t<article class=\"elementor-post elementor-grid-item post-5370 post type-post status-publish format-standard hentry category-projeto-de-educacao-para-a-saude\" role=\"listitem\">\n\t\t\t\t<div class=\"elementor-post__text\">\n\t\t\t\t<h2 class=\"elementor-post__title\">\n\t\t\t<a href=\"https:\/\/agrupamentonisa.edu.gov.pt\/site\/atividade-conhecer-te-a-ti-mesmo\/\" >\n\t\t\t\tAtividade &#8220;Conhecer-te a ti mesmo&#8221;\t\t\t<\/a>\n\t\t<\/h2>\n\t\t\t\t<div class=\"elementor-post__meta-data\">\n\t\t\t\t\t<span class=\"elementor-post-date\">\n\t\t\t29 de Janeiro, 2026\t\t<\/span>\n\t\t\t\t<\/div>\n\t\t\t\t<div class=\"elementor-post__excerpt\">\n\t\t\t<p>Atividade &#8220;Conhecer-te a ti mesmo&#8221; No dia 9 de janeiro a Farm\u00e1cia Ferreira Pinto veio \u00e0 escola dinamizar a a\u00e7\u00e3o<\/p>\n\t\t<\/div>\n\t\t\t\t\t<div class=\"elementor-post__read-more-wrapper\">\n\t\t\n\t\t<a class=\"elementor-post__read-more\" href=\"https:\/\/agrupamentonisa.edu.gov.pt\/site\/atividade-conhecer-te-a-ti-mesmo\/\" aria-label=\"Read more about Atividade &#8220;Conhecer-te a ti mesmo&#8221;\" tabindex=\"-1\" >\n\t\t\tConsulte aqui artigo completo\t\t<\/a>\n\n\t\t\t\t\t<\/div>\n\t\t\t\t<\/div>\n\t\t\t\t<\/article>\n\t\t\t\t<article class=\"elementor-post elementor-grid-item post-5354 post type-post status-publish format-standard hentry category-projeto-de-educacao-para-a-saude\" role=\"listitem\">\n\t\t\t\t<div class=\"elementor-post__text\">\n\t\t\t\t<h2 class=\"elementor-post__title\">\n\t\t\t<a href=\"https:\/\/agrupamentonisa.edu.gov.pt\/site\/projeto-de-educacao-para-a-saude\/\" >\n\t\t\t\tProjeto de Educa\u00e7\u00e3o para a Sa\u00fade\t\t\t<\/a>\n\t\t<\/h2>\n\t\t\t\t<div class=\"elementor-post__meta-data\">\n\t\t\t\t\t<span class=\"elementor-post-date\">\n\t\t\t29 de Janeiro, 2026\t\t<\/span>\n\t\t\t\t<\/div>\n\t\t\t\t<div class=\"elementor-post__excerpt\">\n\t\t\t<p>Os Bombeiros Volunt\u00e1rios de Nisa foram \u00e0s salas de aula dos alunos de 1\u00ba ciclo dinamizar a sess\u00e3o &#8220;Como ligar<\/p>\n\t\t<\/div>\n\t\t\t\t\t<div class=\"elementor-post__read-more-wrapper\">\n\t\t\n\t\t<a class=\"elementor-post__read-more\" href=\"https:\/\/agrupamentonisa.edu.gov.pt\/site\/projeto-de-educacao-para-a-saude\/\" aria-label=\"Read more about Projeto de Educa\u00e7\u00e3o para a Sa\u00fade\" tabindex=\"-1\" >\n\t\t\tConsulte aqui artigo completo\t\t<\/a>\n\n\t\t\t\t\t<\/div>\n\t\t\t\t<\/div>\n\t\t\t\t<\/article>\n\t\t\t\t<article class=\"elementor-post elementor-grid-item post-5300 post type-post status-publish format-standard hentry category-projeto-de-educacao-para-a-saude\" role=\"listitem\">\n\t\t\t\t<div class=\"elementor-post__text\">\n\t\t\t\t<h2 class=\"elementor-post__title\">\n\t\t\t<a href=\"https:\/\/agrupamentonisa.edu.gov.pt\/site\/atividade-sobre-trauma\/\" >\n\t\t\t\tAtividade sobre Trauma\t\t\t<\/a>\n\t\t<\/h2>\n\t\t\t\t<div class=\"elementor-post__meta-data\">\n\t\t\t\t\t<span class=\"elementor-post-date\">\n\t\t\t15 de Janeiro, 2026\t\t<\/span>\n\t\t\t\t<\/div>\n\t\t\t\t<div class=\"elementor-post__excerpt\">\n\t\t\t<p>Atividade sobre Trauma Nas primeiras semanas de janeiro, os\u00a0Bombeiros Volunt\u00e1rios de Nisa deslocaram-se \u00e0 escola para dinamizar tr\u00eas sess\u00f5es sobre<\/p>\n\t\t<\/div>\n\t\t\t\t\t<div class=\"elementor-post__read-more-wrapper\">\n\t\t\n\t\t<a class=\"elementor-post__read-more\" href=\"https:\/\/agrupamentonisa.edu.gov.pt\/site\/atividade-sobre-trauma\/\" aria-label=\"Read more about Atividade sobre Trauma\" tabindex=\"-1\" >\n\t\t\tConsulte aqui artigo completo\t\t<\/a>\n\n\t\t\t\t\t<\/div>\n\t\t\t\t<\/div>\n\t\t\t\t<\/article>\n\t\t\t\t<\/div>\n\t\t\n\t\t\t\t\t\t<\/div>\n\t\t\t\t<\/div>\n\t\t\t\t<\/div>\n\t\t<div class=\"elementor-element elementor-element-0abeac5 e-con-full e-flex e-con e-parent\" data-id=\"0abeac5\" data-element_type=\"container\" data-e-type=\"container\" data-settings=\"{&quot;background_background&quot;:&quot;classic&quot;}\">\n\t\t\t\t<div class=\"elementor-element elementor-element-21baf35 elementor-widget elementor-widget-shortcode\" data-id=\"21baf35\" data-element_type=\"widget\" data-e-type=\"widget\" data-widget_type=\"shortcode.default\">\n\t\t\t\t<div class=\"elementor-widget-container\">\n\t\t\t\t\t\t\t<div class=\"elementor-shortcode\">Data da \u00faltima altera\u00e7\u00e3o 29 de Janeiro, 2026<\/div>\n\t\t\t\t\t\t<\/div>\n\t\t\t\t<\/div>\n\t\t\t\t<\/div>\n\t\t\t\t<\/div>\n\t\t","protected":false},"excerpt":{"rendered":"<p>Projeto de Educa\u00e7\u00e3o para a Sa\u00fade (PES) P\u00fablico Alvo: Pr\u00e9-escolar; 1\u00ba, 2\u00ba e 3\u00ba ciclos; Ensino Secund\u00e1rio Coordenador (es): Marta&#8230;<\/p>\n","protected":false},"author":1,"featured_media":0,"parent":0,"menu_order":0,"comment_status":"closed","ping_status":"closed","template":"","meta":{"_lmt_disableupdate":"no","_lmt_disable":"","footnotes":""},"class_list":["post-5055","page","type-page","status-publish","hentry"],"yoast_head":"<!-- This site is optimized with the Yoast SEO plugin v25.5 - https:\/\/yoast.com\/wordpress\/plugins\/seo\/ -->\n<title>PES - Agrupamento de Escolas Nisa<\/title>\n<meta name=\"description\" content=\"Agrupamento de Escolas Nisa - PES Projeto de Educa\u00e7\u00e3o para a Sa\u00fade: Segundo o Referencial de Educa\u00e7\u00e3o para a Sa\u00fade DGE, junho de 2017, a promo\u00e7\u00e3o e educa\u00e7\u00e3o para a sa\u00fade em meio escolar \u00e9 um processo cont\u00ednuo que visa o desenvolvimento de compet\u00eancias das crian\u00e7as e dos jovens\" \/>\n<meta name=\"robots\" content=\"index, follow, max-snippet:-1, max-image-preview:large, max-video-preview:-1\" \/>\n<link rel=\"canonical\" href=\"https:\/\/agrupamentonisa.edu.gov.pt\/site\/pes\/\" \/>\n<meta property=\"og:locale\" content=\"pt_PT\" \/>\n<meta property=\"og:type\" content=\"article\" \/>\n<meta property=\"og:title\" content=\"PES - Agrupamento de Escolas Nisa\" \/>\n<meta property=\"og:description\" content=\"Agrupamento de Escolas Nisa - PES Projeto de Educa\u00e7\u00e3o para a Sa\u00fade: Segundo o Referencial de Educa\u00e7\u00e3o para a Sa\u00fade DGE, junho de 2017, a promo\u00e7\u00e3o e educa\u00e7\u00e3o para a sa\u00fade em meio escolar \u00e9 um processo cont\u00ednuo que visa o desenvolvimento de compet\u00eancias das crian\u00e7as e dos jovens\" \/>\n<meta property=\"og:url\" content=\"https:\/\/agrupamentonisa.edu.gov.pt\/site\/pes\/\" \/>\n<meta property=\"og:site_name\" content=\"Agrupamento de Escolas Nisa\" \/>\n<meta property=\"article:publisher\" content=\"https:\/\/www.facebook.com\/p\/Agrupamento-de-Escolas-de-Nisa-100031784060549\/?locale=pt_PT\" \/>\n<meta property=\"article:modified_time\" content=\"2026-02-12T11:59:25+00:00\" \/>\n<meta property=\"og:image\" content=\"https:\/\/agrupamentonisa.edu.gov.pt\/site\/wp-content\/uploads\/2025\/07\/logo_pes.png\" \/>\n\t<meta property=\"og:image:width\" content=\"464\" \/>\n\t<meta property=\"og:image:height\" content=\"283\" \/>\n\t<meta property=\"og:image:type\" content=\"image\/png\" \/>\n<meta name=\"twitter:card\" content=\"summary_large_image\" \/>\n<meta name=\"twitter:label1\" content=\"Tempo estimado de leitura\" \/>\n\t<meta name=\"twitter:data1\" content=\"7 minutos\" \/>\n<script type=\"application\/ld+json\" class=\"yoast-schema-graph\">{\"@context\":\"https:\/\/schema.org\",\"@graph\":[{\"@type\":\"WebPage\",\"@id\":\"https:\/\/agrupamentonisa.edu.gov.pt\/site\/pes\/\",\"url\":\"https:\/\/agrupamentonisa.edu.gov.pt\/site\/pes\/\",\"name\":\"PES - Agrupamento de Escolas Nisa\",\"isPartOf\":{\"@id\":\"https:\/\/agrupamentonisa.edu.gov.pt\/site\/#website\"},\"primaryImageOfPage\":{\"@id\":\"https:\/\/agrupamentonisa.edu.gov.pt\/site\/pes\/#primaryimage\"},\"image\":{\"@id\":\"https:\/\/agrupamentonisa.edu.gov.pt\/site\/pes\/#primaryimage\"},\"thumbnailUrl\":\"https:\/\/agrupamentonisa.edu.gov.pt\/site\/wp-content\/uploads\/2025\/07\/logo_pes-300x183.png\",\"datePublished\":\"2025-07-25T08:52:01+00:00\",\"dateModified\":\"2026-02-12T11:59:25+00:00\",\"description\":\"Agrupamento de Escolas Nisa - PES Projeto de Educa\u00e7\u00e3o para a Sa\u00fade: Segundo o Referencial de Educa\u00e7\u00e3o para a Sa\u00fade DGE, junho de 2017, a promo\u00e7\u00e3o e educa\u00e7\u00e3o para a sa\u00fade em meio escolar \u00e9 um processo cont\u00ednuo que visa o desenvolvimento de compet\u00eancias das crian\u00e7as e dos jovens\",\"breadcrumb\":{\"@id\":\"https:\/\/agrupamentonisa.edu.gov.pt\/site\/pes\/#breadcrumb\"},\"inLanguage\":\"pt-PT\",\"potentialAction\":[{\"@type\":\"ReadAction\",\"target\":[\"https:\/\/agrupamentonisa.edu.gov.pt\/site\/pes\/\"]}]},{\"@type\":\"ImageObject\",\"inLanguage\":\"pt-PT\",\"@id\":\"https:\/\/agrupamentonisa.edu.gov.pt\/site\/pes\/#primaryimage\",\"url\":\"https:\/\/agrupamentonisa.edu.gov.pt\/site\/wp-content\/uploads\/2025\/07\/logo_pes.png\",\"contentUrl\":\"https:\/\/agrupamentonisa.edu.gov.pt\/site\/wp-content\/uploads\/2025\/07\/logo_pes.png\",\"width\":464,\"height\":283},{\"@type\":\"BreadcrumbList\",\"@id\":\"https:\/\/agrupamentonisa.edu.gov.pt\/site\/pes\/#breadcrumb\",\"itemListElement\":[{\"@type\":\"ListItem\",\"position\":1,\"name\":\"In\u00edcio\",\"item\":\"https:\/\/agrupamentonisa.edu.gov.pt\/site\/\"},{\"@type\":\"ListItem\",\"position\":2,\"name\":\"PES\"}]},{\"@type\":\"WebSite\",\"@id\":\"https:\/\/agrupamentonisa.edu.gov.pt\/site\/#website\",\"url\":\"https:\/\/agrupamentonisa.edu.gov.pt\/site\/\",\"name\":\"Agrupamento de Escolas Nisa\",\"description\":\"Site Escolar do Agrupamento de Escolas Nisa\",\"publisher\":{\"@id\":\"https:\/\/agrupamentonisa.edu.gov.pt\/site\/#organization\"},\"potentialAction\":[{\"@type\":\"SearchAction\",\"target\":{\"@type\":\"EntryPoint\",\"urlTemplate\":\"https:\/\/agrupamentonisa.edu.gov.pt\/site\/?s={search_term_string}\"},\"query-input\":{\"@type\":\"PropertyValueSpecification\",\"valueRequired\":true,\"valueName\":\"search_term_string\"}}],\"inLanguage\":\"pt-PT\"},{\"@type\":\"Organization\",\"@id\":\"https:\/\/agrupamentonisa.edu.gov.pt\/site\/#organization\",\"name\":\"Agrupamento de Escolas Nisa\",\"url\":\"https:\/\/agrupamentonisa.edu.gov.pt\/site\/\",\"logo\":{\"@type\":\"ImageObject\",\"inLanguage\":\"pt-PT\",\"@id\":\"https:\/\/agrupamentonisa.edu.gov.pt\/site\/#\/schema\/logo\/image\/\",\"url\":\"https:\/\/agrupamentonisa.edu.gov.pt\/site\/wp-content\/uploads\/2024\/03\/logo.png\",\"contentUrl\":\"https:\/\/agrupamentonisa.edu.gov.pt\/site\/wp-content\/uploads\/2024\/03\/logo.png\",\"width\":1086,\"height\":546,\"caption\":\"Agrupamento de Escolas Nisa\"},\"image\":{\"@id\":\"https:\/\/agrupamentonisa.edu.gov.pt\/site\/#\/schema\/logo\/image\/\"},\"sameAs\":[\"https:\/\/www.facebook.com\/p\/Agrupamento-de-Escolas-de-Nisa-100031784060549\/?locale=pt_PT\",\"https:\/\/www.youtube.com\/@canalyoutubeagrupamentonisa\"]}]}<\/script>\n<!-- \/ Yoast SEO plugin. -->","yoast_head_json":{"title":"PES - Agrupamento de Escolas Nisa","description":"Agrupamento de Escolas Nisa - PES Projeto de Educa\u00e7\u00e3o para a Sa\u00fade: Segundo o Referencial de Educa\u00e7\u00e3o para a Sa\u00fade DGE, junho de 2017, a promo\u00e7\u00e3o e educa\u00e7\u00e3o para a sa\u00fade em meio escolar \u00e9 um processo cont\u00ednuo que visa o desenvolvimento de compet\u00eancias das crian\u00e7as e dos jovens","robots":{"index":"index","follow":"follow","max-snippet":"max-snippet:-1","max-image-preview":"max-image-preview:large","max-video-preview":"max-video-preview:-1"},"canonical":"https:\/\/agrupamentonisa.edu.gov.pt\/site\/pes\/","og_locale":"pt_PT","og_type":"article","og_title":"PES - Agrupamento de Escolas Nisa","og_description":"Agrupamento de Escolas Nisa - PES Projeto de Educa\u00e7\u00e3o para a Sa\u00fade: Segundo o Referencial de Educa\u00e7\u00e3o para a Sa\u00fade DGE, junho de 2017, a promo\u00e7\u00e3o e educa\u00e7\u00e3o para a sa\u00fade em meio escolar \u00e9 um processo cont\u00ednuo que visa o desenvolvimento de compet\u00eancias das crian\u00e7as e dos jovens","og_url":"https:\/\/agrupamentonisa.edu.gov.pt\/site\/pes\/","og_site_name":"Agrupamento de Escolas Nisa","article_publisher":"https:\/\/www.facebook.com\/p\/Agrupamento-de-Escolas-de-Nisa-100031784060549\/?locale=pt_PT","article_modified_time":"2026-02-12T11:59:25+00:00","og_image":[{"width":464,"height":283,"url":"https:\/\/agrupamentonisa.edu.gov.pt\/site\/wp-content\/uploads\/2025\/07\/logo_pes.png","type":"image\/png"}],"twitter_card":"summary_large_image","twitter_misc":{"Tempo estimado de leitura":"7 minutos"},"schema":{"@context":"https:\/\/schema.org","@graph":[{"@type":"WebPage","@id":"https:\/\/agrupamentonisa.edu.gov.pt\/site\/pes\/","url":"https:\/\/agrupamentonisa.edu.gov.pt\/site\/pes\/","name":"PES - Agrupamento de Escolas Nisa","isPartOf":{"@id":"https:\/\/agrupamentonisa.edu.gov.pt\/site\/#website"},"primaryImageOfPage":{"@id":"https:\/\/agrupamentonisa.edu.gov.pt\/site\/pes\/#primaryimage"},"image":{"@id":"https:\/\/agrupamentonisa.edu.gov.pt\/site\/pes\/#primaryimage"},"thumbnailUrl":"https:\/\/agrupamentonisa.edu.gov.pt\/site\/wp-content\/uploads\/2025\/07\/logo_pes-300x183.png","datePublished":"2025-07-25T08:52:01+00:00","dateModified":"2026-02-12T11:59:25+00:00","description":"Agrupamento de Escolas Nisa - PES Projeto de Educa\u00e7\u00e3o para a Sa\u00fade: Segundo o Referencial de Educa\u00e7\u00e3o para a Sa\u00fade DGE, junho de 2017, a promo\u00e7\u00e3o e educa\u00e7\u00e3o para a sa\u00fade em meio escolar \u00e9 um processo cont\u00ednuo que visa o desenvolvimento de compet\u00eancias das crian\u00e7as e dos jovens","breadcrumb":{"@id":"https:\/\/agrupamentonisa.edu.gov.pt\/site\/pes\/#breadcrumb"},"inLanguage":"pt-PT","potentialAction":[{"@type":"ReadAction","target":["https:\/\/agrupamentonisa.edu.gov.pt\/site\/pes\/"]}]},{"@type":"ImageObject","inLanguage":"pt-PT","@id":"https:\/\/agrupamentonisa.edu.gov.pt\/site\/pes\/#primaryimage","url":"https:\/\/agrupamentonisa.edu.gov.pt\/site\/wp-content\/uploads\/2025\/07\/logo_pes.png","contentUrl":"https:\/\/agrupamentonisa.edu.gov.pt\/site\/wp-content\/uploads\/2025\/07\/logo_pes.png","width":464,"height":283},{"@type":"BreadcrumbList","@id":"https:\/\/agrupamentonisa.edu.gov.pt\/site\/pes\/#breadcrumb","itemListElement":[{"@type":"ListItem","position":1,"name":"In\u00edcio","item":"https:\/\/agrupamentonisa.edu.gov.pt\/site\/"},{"@type":"ListItem","position":2,"name":"PES"}]},{"@type":"WebSite","@id":"https:\/\/agrupamentonisa.edu.gov.pt\/site\/#website","url":"https:\/\/agrupamentonisa.edu.gov.pt\/site\/","name":"Agrupamento de Escolas Nisa","description":"Site Escolar do Agrupamento de Escolas Nisa","publisher":{"@id":"https:\/\/agrupamentonisa.edu.gov.pt\/site\/#organization"},"potentialAction":[{"@type":"SearchAction","target":{"@type":"EntryPoint","urlTemplate":"https:\/\/agrupamentonisa.edu.gov.pt\/site\/?s={search_term_string}"},"query-input":{"@type":"PropertyValueSpecification","valueRequired":true,"valueName":"search_term_string"}}],"inLanguage":"pt-PT"},{"@type":"Organization","@id":"https:\/\/agrupamentonisa.edu.gov.pt\/site\/#organization","name":"Agrupamento de Escolas Nisa","url":"https:\/\/agrupamentonisa.edu.gov.pt\/site\/","logo":{"@type":"ImageObject","inLanguage":"pt-PT","@id":"https:\/\/agrupamentonisa.edu.gov.pt\/site\/#\/schema\/logo\/image\/","url":"https:\/\/agrupamentonisa.edu.gov.pt\/site\/wp-content\/uploads\/2024\/03\/logo.png","contentUrl":"https:\/\/agrupamentonisa.edu.gov.pt\/site\/wp-content\/uploads\/2024\/03\/logo.png","width":1086,"height":546,"caption":"Agrupamento de Escolas Nisa"},"image":{"@id":"https:\/\/agrupamentonisa.edu.gov.pt\/site\/#\/schema\/logo\/image\/"},"sameAs":["https:\/\/www.facebook.com\/p\/Agrupamento-de-Escolas-de-Nisa-100031784060549\/?locale=pt_PT","https:\/\/www.youtube.com\/@canalyoutubeagrupamentonisa"]}]}},"_links":{"self":[{"href":"https:\/\/agrupamentonisa.edu.gov.pt\/site\/wp-json\/wp\/v2\/pages\/5055","targetHints":{"allow":["GET"]}}],"collection":[{"href":"https:\/\/agrupamentonisa.edu.gov.pt\/site\/wp-json\/wp\/v2\/pages"}],"about":[{"href":"https:\/\/agrupamentonisa.edu.gov.pt\/site\/wp-json\/wp\/v2\/types\/page"}],"author":[{"embeddable":true,"href":"https:\/\/agrupamentonisa.edu.gov.pt\/site\/wp-json\/wp\/v2\/users\/1"}],"replies":[{"embeddable":true,"href":"https:\/\/agrupamentonisa.edu.gov.pt\/site\/wp-json\/wp\/v2\/comments?post=5055"}],"version-history":[{"count":25,"href":"https:\/\/agrupamentonisa.edu.gov.pt\/site\/wp-json\/wp\/v2\/pages\/5055\/revisions"}],"predecessor-version":[{"id":5452,"href":"https:\/\/agrupamentonisa.edu.gov.pt\/site\/wp-json\/wp\/v2\/pages\/5055\/revisions\/5452"}],"wp:attachment":[{"href":"https:\/\/agrupamentonisa.edu.gov.pt\/site\/wp-json\/wp\/v2\/media?parent=5055"}],"curies":[{"name":"wp","href":"https:\/\/api.w.org\/{rel}","templated":true}]}}