{"id":3396,"date":"2024-05-03T15:47:08","date_gmt":"2024-05-03T15:47:08","guid":{"rendered":"https:\/\/agrupamentonisa.edu.gov.pt\/site\/\/?page_id=3396"},"modified":"2024-11-13T16:27:26","modified_gmt":"2024-11-13T16:27:26","slug":"clube-de-musica","status":"publish","type":"page","link":"https:\/\/agrupamentonisa.edu.gov.pt\/site\/clube-de-musica\/","title":{"rendered":"Clube de M\u00fasica"},"content":{"rendered":"\t\t<div data-elementor-type=\"wp-page\" data-elementor-id=\"3396\" class=\"elementor elementor-3396\" data-elementor-post-type=\"page\">\n\t\t\t\t<div class=\"elementor-element elementor-element-c6f6af7 e-con-full e-flex elementor-invisible e-con e-parent\" data-id=\"c6f6af7\" data-element_type=\"container\" data-e-type=\"container\" data-settings=\"{&quot;animation&quot;:&quot;fadeInLeft&quot;}\">\n\t\t\t\t<div class=\"elementor-element elementor-element-4ec959c elementor-widget elementor-widget-heading\" data-id=\"4ec959c\" data-element_type=\"widget\" data-e-type=\"widget\" data-widget_type=\"heading.default\">\n\t\t\t\t<div class=\"elementor-widget-container\">\n\t\t\t\t\t<h2 class=\"elementor-heading-title elementor-size-default\">Clube de M\u00fasica<\/h2>\t\t\t\t<\/div>\n\t\t\t\t<\/div>\n\t\t\t\t<\/div>\n\t\t<div class=\"elementor-element elementor-element-fd2cdac e-con-full e-flex elementor-invisible e-con e-parent\" data-id=\"fd2cdac\" data-element_type=\"container\" data-e-type=\"container\" data-settings=\"{&quot;animation&quot;:&quot;fadeInUp&quot;}\">\n\t\t<div class=\"elementor-element elementor-element-0767eb7 e-con-full e-flex e-con e-child\" data-id=\"0767eb7\" data-element_type=\"container\" data-e-type=\"container\">\n\t\t\t\t<div class=\"elementor-element elementor-element-adb7c9c elementor-widget__width-initial elementor-widget elementor-widget-image\" data-id=\"adb7c9c\" data-element_type=\"widget\" data-e-type=\"widget\" data-widget_type=\"image.default\">\n\t\t\t\t<div class=\"elementor-widget-container\">\n\t\t\t\t\t\t\t\t\t\t\t\t\t\t\t<img decoding=\"async\" width=\"173\" height=\"173\" src=\"https:\/\/agrupamentonisa.edu.gov.pt\/site\/wp-content\/uploads\/2024\/05\/clube_musica-200x200-1.jpg\" class=\"attachment-medium size-medium wp-image-3400\" alt=\"\" srcset=\"https:\/\/agrupamentonisa.edu.gov.pt\/site\/wp-content\/uploads\/2024\/05\/clube_musica-200x200-1.jpg 173w, https:\/\/agrupamentonisa.edu.gov.pt\/site\/wp-content\/uploads\/2024\/05\/clube_musica-200x200-1-150x150.jpg 150w, https:\/\/agrupamentonisa.edu.gov.pt\/site\/wp-content\/uploads\/2024\/05\/clube_musica-200x200-1-100x100.jpg 100w\" sizes=\"(max-width: 173px) 100vw, 173px\" \/>\t\t\t\t\t\t\t\t\t\t\t\t\t\t\t<\/div>\n\t\t\t\t<\/div>\n\t\t\t\t<div class=\"elementor-element elementor-element-de6be10 elementor-widget elementor-widget-text-editor\" data-id=\"de6be10\" data-element_type=\"widget\" data-e-type=\"widget\" data-widget_type=\"text-editor.default\">\n\t\t\t\t<div class=\"elementor-widget-container\">\n\t\t\t\t\t\t\t\t\t<h5 style=\"text-align: center;\"><span style=\"color: #6ec1ff;\"><strong>P\u00fablico Alvo:<\/strong><\/span><\/h5><p style=\"text-align: center;\">2.\u00ba e 3.\u00ba Ciclos<\/p><h5 style=\"text-align: center;\"><span style=\"color: #6ec1ff;\"><strong>Coordenador (es):<\/strong><\/span><\/h5><p style=\"text-align: center;\">Cl\u00e1udia Marques<\/p><h5 style=\"text-align: center;\"><span style=\"color: #6ec1ff;\"><strong>Email Coordenador (es):<\/strong><\/span><\/h5><p style=\"text-align: center;\">250claudiamarques@escolasdenisa.education<\/p><h5 style=\"text-align: center;\"><span style=\"color: #cc99ff;\"><strong>Breve descri\u00e7\u00e3o do Projeto<\/strong><strong>:<\/strong><\/span><\/h5><p style=\"text-align: center;\">O Projeto do Clube de M\u00fasica nasce da necessidade de se desenvolver com os alunos atividades diferenciadas que n\u00e3o podem ser devidamente exploradas e aprofundadas no contexto sala de aula, motivando os alunos e contribuindo para o seu sucesso educativo. Tem como principal finalidade a cria\u00e7\u00e3o de bases que proporcionem aos alunos, nomeadamente a todos aqueles que gostam de M\u00fasica, a possibilidade de nele participarem. Essa op\u00e7\u00e3o dever\u00e1 ser de car\u00e1ter volunt\u00e1rio.<\/p><p style=\"text-align: center;\">Pretende-se assim fazer um trabalho baseado na componente pr\u00e1tica e formar grupos de alunos que, durante o ano letivo, ensaiem pe\u00e7as musicais de car\u00e1ter instrumental e\/ou vocal e tamb\u00e9m de potenciar as suas capacidades criativas<\/p><h5 style=\"text-align: center;\"><span style=\"color: #6ec1ff;\"><strong>Pa<\/strong><strong>rcerias do Clube:<\/strong><\/span><\/h5>\t\t\t\t\t\t\t\t<\/div>\n\t\t\t\t<\/div>\n\t\t\t\t<\/div>\n\t\t<div class=\"elementor-element elementor-element-0d4fa8e e-con-full e-flex e-con e-child\" data-id=\"0d4fa8e\" data-element_type=\"container\" data-e-type=\"container\">\n\t\t\t\t<div class=\"elementor-element elementor-element-aec079b elementor-widget elementor-widget-heading\" data-id=\"aec079b\" data-element_type=\"widget\" data-e-type=\"widget\" data-widget_type=\"heading.default\">\n\t\t\t\t<div class=\"elementor-widget-container\">\n\t\t\t\t\t<h5 class=\"elementor-heading-title elementor-size-default\">Objetivos<\/h5>\t\t\t\t<\/div>\n\t\t\t\t<\/div>\n\t\t\t\t<div class=\"elementor-element elementor-element-11b1556 elementor-widget elementor-widget-text-editor\" data-id=\"11b1556\" data-element_type=\"widget\" data-e-type=\"widget\" data-widget_type=\"text-editor.default\">\n\t\t\t\t<div class=\"elementor-widget-container\">\n\t\t\t\t\t\t\t\t\t<p>\u2022 Estimular a criatividade vocal e instrumental;<\/p><p>\u2022 Estimular o interesse pelo trabalho musical em grupo;<\/p><p>\u2022 Proporcionar a aquisi\u00e7\u00e3o de valores est\u00e9ticos;<\/p><p>\u2022 Desenvolver a autonomia, o sentido est\u00e9tico, a autoconfian\u00e7a, o controlo emocional, a sociabilidade e a capacidade de iniciativa;<\/p><p>\u2022 Desenvolver nos alunos o gosto pela m\u00fasica, como forma de express\u00e3o de sentimentos e de desenvolvimento global de ser humano;<\/p><p>\u2022 Desenvolver compet\u00eancias de execu\u00e7\u00e3o \/ interpreta\u00e7\u00e3o vocal e instrumental;<\/p><p>\u2022 Dinamizar atividades l\u00fadico \/ culturais integradas na cultura e projetos do Agrupamento.<\/p>\t\t\t\t\t\t\t\t<\/div>\n\t\t\t\t<\/div>\n\t\t\t\t<\/div>\n\t\t<div class=\"elementor-element elementor-element-47a7b0d e-con-full e-flex e-con e-child\" data-id=\"47a7b0d\" data-element_type=\"container\" data-e-type=\"container\">\n\t\t\t\t<div class=\"elementor-element elementor-element-faf275c elementor-widget elementor-widget-heading\" data-id=\"faf275c\" data-element_type=\"widget\" data-e-type=\"widget\" data-widget_type=\"heading.default\">\n\t\t\t\t<div class=\"elementor-widget-container\">\n\t\t\t\t\t<h5 class=\"elementor-heading-title elementor-size-default\">Atividades<\/h5>\t\t\t\t<\/div>\n\t\t\t\t<\/div>\n\t\t\t\t<div class=\"elementor-element elementor-element-29263fe elementor-widget elementor-widget-text-editor\" data-id=\"29263fe\" data-element_type=\"widget\" data-e-type=\"widget\" data-widget_type=\"text-editor.default\">\n\t\t\t\t<div class=\"elementor-widget-container\">\n\t\t\t\t\t\t\t\t\t<p>\u2022 Participa\u00e7\u00e3o em atividades\/eventos do Agrupamento (Festa de Natal, Sarau Cultural e outras datas comemorativas);<\/p>\t\t\t\t\t\t\t\t<\/div>\n\t\t\t\t<\/div>\n\t\t\t\t<\/div>\n\t\t\t\t<\/div>\n\t\t<div class=\"elementor-element elementor-element-9385c50 e-con-full e-flex elementor-invisible e-con e-parent\" data-id=\"9385c50\" data-element_type=\"container\" data-e-type=\"container\" data-settings=\"{&quot;animation&quot;:&quot;fadeInLeft&quot;}\">\n\t\t\t\t<div class=\"elementor-element elementor-element-649f395 elementor-widget elementor-widget-heading\" data-id=\"649f395\" data-element_type=\"widget\" data-e-type=\"widget\" data-widget_type=\"heading.default\">\n\t\t\t\t<div class=\"elementor-widget-container\">\n\t\t\t\t\t<h2 class=\"elementor-heading-title elementor-size-default\">Evid\u00eancias<\/h2>\t\t\t\t<\/div>\n\t\t\t\t<\/div>\n\t\t\t\t<\/div>\n\t\t<div class=\"elementor-element elementor-element-83efe70 e-con-full e-flex elementor-invisible e-con e-parent\" data-id=\"83efe70\" data-element_type=\"container\" data-e-type=\"container\" data-settings=\"{&quot;animation&quot;:&quot;fadeInUp&quot;}\">\n\t\t\t\t<div class=\"elementor-element elementor-element-cdb285a elementor-widget elementor-widget-image\" data-id=\"cdb285a\" data-element_type=\"widget\" data-e-type=\"widget\" data-widget_type=\"image.default\">\n\t\t\t\t<div class=\"elementor-widget-container\">\n\t\t\t\t\t\t\t\t\t\t\t\t\t\t\t<img fetchpriority=\"high\" decoding=\"async\" width=\"640\" height=\"736\" src=\"https:\/\/agrupamentonisa.edu.gov.pt\/site\/wp-content\/uploads\/2024\/05\/clube_musica_evidencia_1.jpg\" class=\"attachment-medium_large size-medium_large wp-image-3405\" alt=\"\" srcset=\"https:\/\/agrupamentonisa.edu.gov.pt\/site\/wp-content\/uploads\/2024\/05\/clube_musica_evidencia_1.jpg 720w, https:\/\/agrupamentonisa.edu.gov.pt\/site\/wp-content\/uploads\/2024\/05\/clube_musica_evidencia_1-261x300.jpg 261w\" sizes=\"(max-width: 640px) 100vw, 640px\" \/>\t\t\t\t\t\t\t\t\t\t\t\t\t\t\t<\/div>\n\t\t\t\t<\/div>\n\t\t\t\t<\/div>\n\t\t<div class=\"elementor-element elementor-element-505d628 e-con-full e-flex e-con e-parent\" data-id=\"505d628\" data-element_type=\"container\" data-e-type=\"container\">\n\t\t\t\t<div class=\"elementor-element elementor-element-a54692d elementor-widget elementor-widget-heading\" data-id=\"a54692d\" data-element_type=\"widget\" data-e-type=\"widget\" data-widget_type=\"heading.default\">\n\t\t\t\t<div class=\"elementor-widget-container\">\n\t\t\t\t\t<h2 class=\"elementor-heading-title elementor-size-default\">Not\u00edcias<\/h2>\t\t\t\t<\/div>\n\t\t\t\t<\/div>\n\t\t\t\t<\/div>\n\t\t<div class=\"elementor-element elementor-element-b41765d e-con-full e-flex e-con e-parent\" data-id=\"b41765d\" data-element_type=\"container\" data-e-type=\"container\" data-settings=\"{&quot;background_background&quot;:&quot;classic&quot;}\">\n\t\t\t\t<div class=\"elementor-element elementor-element-ce3c9ef elementor-widget elementor-widget-shortcode\" data-id=\"ce3c9ef\" data-element_type=\"widget\" data-e-type=\"widget\" data-widget_type=\"shortcode.default\">\n\t\t\t\t<div class=\"elementor-widget-container\">\n\t\t\t\t\t\t\t<div class=\"elementor-shortcode\">Data da \u00faltima altera\u00e7\u00e3o 13 de Novembro, 2024<\/div>\n\t\t\t\t\t\t<\/div>\n\t\t\t\t<\/div>\n\t\t\t\t<\/div>\n\t\t\t\t<\/div>\n\t\t","protected":false},"excerpt":{"rendered":"<p>Clube de M\u00fasica P\u00fablico Alvo: 2.\u00ba e 3.\u00ba Ciclos Coordenador (es): Cl\u00e1udia Marques Email Coordenador (es): 250claudiamarques@escolasdenisa.education Breve descri\u00e7\u00e3o do&#8230;<\/p>\n","protected":false},"author":1,"featured_media":0,"parent":0,"menu_order":0,"comment_status":"closed","ping_status":"closed","template":"","meta":{"_lmt_disableupdate":"","_lmt_disable":"","footnotes":""},"class_list":["post-3396","page","type-page","status-publish","hentry"],"yoast_head":"<!-- This site is optimized with the Yoast SEO plugin v25.5 - https:\/\/yoast.com\/wordpress\/plugins\/seo\/ -->\n<title>Clube de M\u00fasica - Agrupamento de Escolas Nisa<\/title>\n<meta name=\"robots\" content=\"index, follow, max-snippet:-1, max-image-preview:large, max-video-preview:-1\" \/>\n<link rel=\"canonical\" href=\"https:\/\/agrupamentonisa.edu.gov.pt\/site\/clube-de-musica\/\" \/>\n<meta property=\"og:locale\" content=\"pt_PT\" \/>\n<meta property=\"og:type\" content=\"article\" \/>\n<meta property=\"og:title\" content=\"Clube de M\u00fasica - Agrupamento de Escolas Nisa\" \/>\n<meta property=\"og:description\" content=\"Clube de M\u00fasica P\u00fablico Alvo: 2.\u00ba e 3.\u00ba Ciclos Coordenador (es): Cl\u00e1udia Marques Email Coordenador (es): 250claudiamarques@escolasdenisa.education Breve descri\u00e7\u00e3o do...\" \/>\n<meta property=\"og:url\" content=\"https:\/\/agrupamentonisa.edu.gov.pt\/site\/clube-de-musica\/\" \/>\n<meta property=\"og:site_name\" content=\"Agrupamento de Escolas Nisa\" \/>\n<meta property=\"article:publisher\" content=\"https:\/\/www.facebook.com\/p\/Agrupamento-de-Escolas-de-Nisa-100031784060549\/?locale=pt_PT\" \/>\n<meta property=\"article:modified_time\" content=\"2024-11-13T16:27:26+00:00\" \/>\n<meta property=\"og:image\" content=\"https:\/\/agrupamentonisa.edu.gov.pt\/site\/wp-content\/uploads\/2024\/05\/clube_musica-200x200-1.jpg\" \/>\n<meta name=\"twitter:card\" content=\"summary_large_image\" \/>\n<meta name=\"twitter:label1\" content=\"Tempo estimado de leitura\" \/>\n\t<meta name=\"twitter:data1\" content=\"2 minutos\" \/>\n<script type=\"application\/ld+json\" class=\"yoast-schema-graph\">{\"@context\":\"https:\/\/schema.org\",\"@graph\":[{\"@type\":\"WebPage\",\"@id\":\"https:\/\/agrupamentonisa.edu.gov.pt\/site\/clube-de-musica\/\",\"url\":\"https:\/\/agrupamentonisa.edu.gov.pt\/site\/clube-de-musica\/\",\"name\":\"Clube de M\u00fasica - Agrupamento de Escolas Nisa\",\"isPartOf\":{\"@id\":\"https:\/\/agrupamentonisa.edu.gov.pt\/site\/#website\"},\"primaryImageOfPage\":{\"@id\":\"https:\/\/agrupamentonisa.edu.gov.pt\/site\/clube-de-musica\/#primaryimage\"},\"image\":{\"@id\":\"https:\/\/agrupamentonisa.edu.gov.pt\/site\/clube-de-musica\/#primaryimage\"},\"thumbnailUrl\":\"https:\/\/agrupamentonisa.edu.gov.pt\/site\/wp-content\/uploads\/2024\/05\/clube_musica-200x200-1.jpg\",\"datePublished\":\"2024-05-03T15:47:08+00:00\",\"dateModified\":\"2024-11-13T16:27:26+00:00\",\"breadcrumb\":{\"@id\":\"https:\/\/agrupamentonisa.edu.gov.pt\/site\/clube-de-musica\/#breadcrumb\"},\"inLanguage\":\"pt-PT\",\"potentialAction\":[{\"@type\":\"ReadAction\",\"target\":[\"https:\/\/agrupamentonisa.edu.gov.pt\/site\/clube-de-musica\/\"]}]},{\"@type\":\"ImageObject\",\"inLanguage\":\"pt-PT\",\"@id\":\"https:\/\/agrupamentonisa.edu.gov.pt\/site\/clube-de-musica\/#primaryimage\",\"url\":\"https:\/\/agrupamentonisa.edu.gov.pt\/site\/wp-content\/uploads\/2024\/05\/clube_musica-200x200-1.jpg\",\"contentUrl\":\"https:\/\/agrupamentonisa.edu.gov.pt\/site\/wp-content\/uploads\/2024\/05\/clube_musica-200x200-1.jpg\",\"width\":173,\"height\":173},{\"@type\":\"BreadcrumbList\",\"@id\":\"https:\/\/agrupamentonisa.edu.gov.pt\/site\/clube-de-musica\/#breadcrumb\",\"itemListElement\":[{\"@type\":\"ListItem\",\"position\":1,\"name\":\"In\u00edcio\",\"item\":\"https:\/\/agrupamentonisa.edu.gov.pt\/site\/\"},{\"@type\":\"ListItem\",\"position\":2,\"name\":\"Clube de M\u00fasica\"}]},{\"@type\":\"WebSite\",\"@id\":\"https:\/\/agrupamentonisa.edu.gov.pt\/site\/#website\",\"url\":\"https:\/\/agrupamentonisa.edu.gov.pt\/site\/\",\"name\":\"Agrupamento de Escolas Nisa\",\"description\":\"Site Escolar do Agrupamento de Escolas Nisa\",\"publisher\":{\"@id\":\"https:\/\/agrupamentonisa.edu.gov.pt\/site\/#organization\"},\"potentialAction\":[{\"@type\":\"SearchAction\",\"target\":{\"@type\":\"EntryPoint\",\"urlTemplate\":\"https:\/\/agrupamentonisa.edu.gov.pt\/site\/?s={search_term_string}\"},\"query-input\":{\"@type\":\"PropertyValueSpecification\",\"valueRequired\":true,\"valueName\":\"search_term_string\"}}],\"inLanguage\":\"pt-PT\"},{\"@type\":\"Organization\",\"@id\":\"https:\/\/agrupamentonisa.edu.gov.pt\/site\/#organization\",\"name\":\"Agrupamento de Escolas Nisa\",\"url\":\"https:\/\/agrupamentonisa.edu.gov.pt\/site\/\",\"logo\":{\"@type\":\"ImageObject\",\"inLanguage\":\"pt-PT\",\"@id\":\"https:\/\/agrupamentonisa.edu.gov.pt\/site\/#\/schema\/logo\/image\/\",\"url\":\"https:\/\/agrupamentonisa.edu.gov.pt\/site\/wp-content\/uploads\/2024\/03\/logo.png\",\"contentUrl\":\"https:\/\/agrupamentonisa.edu.gov.pt\/site\/wp-content\/uploads\/2024\/03\/logo.png\",\"width\":1086,\"height\":546,\"caption\":\"Agrupamento de Escolas Nisa\"},\"image\":{\"@id\":\"https:\/\/agrupamentonisa.edu.gov.pt\/site\/#\/schema\/logo\/image\/\"},\"sameAs\":[\"https:\/\/www.facebook.com\/p\/Agrupamento-de-Escolas-de-Nisa-100031784060549\/?locale=pt_PT\",\"https:\/\/www.youtube.com\/@canalyoutubeagrupamentonisa\"]}]}<\/script>\n<!-- \/ Yoast SEO plugin. -->","yoast_head_json":{"title":"Clube de M\u00fasica - Agrupamento de Escolas Nisa","robots":{"index":"index","follow":"follow","max-snippet":"max-snippet:-1","max-image-preview":"max-image-preview:large","max-video-preview":"max-video-preview:-1"},"canonical":"https:\/\/agrupamentonisa.edu.gov.pt\/site\/clube-de-musica\/","og_locale":"pt_PT","og_type":"article","og_title":"Clube de M\u00fasica - Agrupamento de Escolas Nisa","og_description":"Clube de M\u00fasica P\u00fablico Alvo: 2.\u00ba e 3.\u00ba Ciclos Coordenador (es): Cl\u00e1udia Marques Email Coordenador (es): 250claudiamarques@escolasdenisa.education Breve descri\u00e7\u00e3o do...","og_url":"https:\/\/agrupamentonisa.edu.gov.pt\/site\/clube-de-musica\/","og_site_name":"Agrupamento de Escolas Nisa","article_publisher":"https:\/\/www.facebook.com\/p\/Agrupamento-de-Escolas-de-Nisa-100031784060549\/?locale=pt_PT","article_modified_time":"2024-11-13T16:27:26+00:00","og_image":[{"url":"https:\/\/agrupamentonisa.edu.gov.pt\/site\/wp-content\/uploads\/2024\/05\/clube_musica-200x200-1.jpg","type":"","width":"","height":""}],"twitter_card":"summary_large_image","twitter_misc":{"Tempo estimado de leitura":"2 minutos"},"schema":{"@context":"https:\/\/schema.org","@graph":[{"@type":"WebPage","@id":"https:\/\/agrupamentonisa.edu.gov.pt\/site\/clube-de-musica\/","url":"https:\/\/agrupamentonisa.edu.gov.pt\/site\/clube-de-musica\/","name":"Clube de M\u00fasica - Agrupamento de Escolas Nisa","isPartOf":{"@id":"https:\/\/agrupamentonisa.edu.gov.pt\/site\/#website"},"primaryImageOfPage":{"@id":"https:\/\/agrupamentonisa.edu.gov.pt\/site\/clube-de-musica\/#primaryimage"},"image":{"@id":"https:\/\/agrupamentonisa.edu.gov.pt\/site\/clube-de-musica\/#primaryimage"},"thumbnailUrl":"https:\/\/agrupamentonisa.edu.gov.pt\/site\/wp-content\/uploads\/2024\/05\/clube_musica-200x200-1.jpg","datePublished":"2024-05-03T15:47:08+00:00","dateModified":"2024-11-13T16:27:26+00:00","breadcrumb":{"@id":"https:\/\/agrupamentonisa.edu.gov.pt\/site\/clube-de-musica\/#breadcrumb"},"inLanguage":"pt-PT","potentialAction":[{"@type":"ReadAction","target":["https:\/\/agrupamentonisa.edu.gov.pt\/site\/clube-de-musica\/"]}]},{"@type":"ImageObject","inLanguage":"pt-PT","@id":"https:\/\/agrupamentonisa.edu.gov.pt\/site\/clube-de-musica\/#primaryimage","url":"https:\/\/agrupamentonisa.edu.gov.pt\/site\/wp-content\/uploads\/2024\/05\/clube_musica-200x200-1.jpg","contentUrl":"https:\/\/agrupamentonisa.edu.gov.pt\/site\/wp-content\/uploads\/2024\/05\/clube_musica-200x200-1.jpg","width":173,"height":173},{"@type":"BreadcrumbList","@id":"https:\/\/agrupamentonisa.edu.gov.pt\/site\/clube-de-musica\/#breadcrumb","itemListElement":[{"@type":"ListItem","position":1,"name":"In\u00edcio","item":"https:\/\/agrupamentonisa.edu.gov.pt\/site\/"},{"@type":"ListItem","position":2,"name":"Clube de M\u00fasica"}]},{"@type":"WebSite","@id":"https:\/\/agrupamentonisa.edu.gov.pt\/site\/#website","url":"https:\/\/agrupamentonisa.edu.gov.pt\/site\/","name":"Agrupamento de Escolas Nisa","description":"Site Escolar do Agrupamento de Escolas Nisa","publisher":{"@id":"https:\/\/agrupamentonisa.edu.gov.pt\/site\/#organization"},"potentialAction":[{"@type":"SearchAction","target":{"@type":"EntryPoint","urlTemplate":"https:\/\/agrupamentonisa.edu.gov.pt\/site\/?s={search_term_string}"},"query-input":{"@type":"PropertyValueSpecification","valueRequired":true,"valueName":"search_term_string"}}],"inLanguage":"pt-PT"},{"@type":"Organization","@id":"https:\/\/agrupamentonisa.edu.gov.pt\/site\/#organization","name":"Agrupamento de Escolas Nisa","url":"https:\/\/agrupamentonisa.edu.gov.pt\/site\/","logo":{"@type":"ImageObject","inLanguage":"pt-PT","@id":"https:\/\/agrupamentonisa.edu.gov.pt\/site\/#\/schema\/logo\/image\/","url":"https:\/\/agrupamentonisa.edu.gov.pt\/site\/wp-content\/uploads\/2024\/03\/logo.png","contentUrl":"https:\/\/agrupamentonisa.edu.gov.pt\/site\/wp-content\/uploads\/2024\/03\/logo.png","width":1086,"height":546,"caption":"Agrupamento de Escolas Nisa"},"image":{"@id":"https:\/\/agrupamentonisa.edu.gov.pt\/site\/#\/schema\/logo\/image\/"},"sameAs":["https:\/\/www.facebook.com\/p\/Agrupamento-de-Escolas-de-Nisa-100031784060549\/?locale=pt_PT","https:\/\/www.youtube.com\/@canalyoutubeagrupamentonisa"]}]}},"_links":{"self":[{"href":"https:\/\/agrupamentonisa.edu.gov.pt\/site\/wp-json\/wp\/v2\/pages\/3396","targetHints":{"allow":["GET"]}}],"collection":[{"href":"https:\/\/agrupamentonisa.edu.gov.pt\/site\/wp-json\/wp\/v2\/pages"}],"about":[{"href":"https:\/\/agrupamentonisa.edu.gov.pt\/site\/wp-json\/wp\/v2\/types\/page"}],"author":[{"embeddable":true,"href":"https:\/\/agrupamentonisa.edu.gov.pt\/site\/wp-json\/wp\/v2\/users\/1"}],"replies":[{"embeddable":true,"href":"https:\/\/agrupamentonisa.edu.gov.pt\/site\/wp-json\/wp\/v2\/comments?post=3396"}],"version-history":[{"count":9,"href":"https:\/\/agrupamentonisa.edu.gov.pt\/site\/wp-json\/wp\/v2\/pages\/3396\/revisions"}],"predecessor-version":[{"id":4506,"href":"https:\/\/agrupamentonisa.edu.gov.pt\/site\/wp-json\/wp\/v2\/pages\/3396\/revisions\/4506"}],"wp:attachment":[{"href":"https:\/\/agrupamentonisa.edu.gov.pt\/site\/wp-json\/wp\/v2\/media?parent=3396"}],"curies":[{"name":"wp","href":"https:\/\/api.w.org\/{rel}","templated":true}]}}